{"id":377,"date":"2022-01-11T10:49:58","date_gmt":"2022-01-11T09:49:58","guid":{"rendered":"https:\/\/samaritangalanta.sk\/?page_id=377"},"modified":"2022-01-11T11:13:49","modified_gmt":"2022-01-11T10:13:49","slug":"historia-a-kolegium","status":"publish","type":"page","link":"https:\/\/samaritangalanta.sk\/?page_id=377","title":{"rendered":"Hist\u00f3ria a Kol\u00e9gium"},"content":{"rendered":"\n<p>Autorom my\u0161lienky vybudova\u0165 evanjelick\u00fd dom starostlivosti je Mgr. Jaroslav Mlyn\u00e1r, far\u00e1r cirkevn\u00e9ho zboru ECAV na Slovensku Galanta. Najprv svoju \u010dinnos\u0165 zah\u00e1jilo Centrum soci\u00e1lnych slu\u017eieb pre star\u0161\u00edch ob\u010danov Samarit\u00e1n. Bolo to 1. apr\u00edla 2000. V&nbsp;za\u010diatkoch svojej p\u00fate malo CSS Samarit\u00e1n kapacitu 23 os\u00f4b, v&nbsp;s\u00fa\u010dasnosti je kapacita zariadenia 34 os\u00f4b.<\/p>\n\n\n\n<p>Mesto Galanta pred 21. rokmi poskytlo priestory b\u00fdval\u00fdch detsk\u00fdch jasie\u013e, formou zmluvy o&nbsp;pren\u00e1jme za symbolick\u00fa jednu korunu Slovensk\u00fa&nbsp; na jeden rok, ale s&nbsp;povinnos\u0165ou investova\u0165 do budovy 7,5% z&nbsp;ro\u010dn\u00fdch prev\u00e1dzkov\u00fdch n\u00e1kladov. V&nbsp;Samarit\u00e1ne sme v\u017edy nie\u010do vylep\u0161ovali, pristavovali, prer\u00e1bali a stavali. Svojpomocne za pomoci sponzorov sme postavili sklad a&nbsp;diel\u0148u. Postavili sme si vlastn\u00fa pr\u00e1\u010dov\u0148u. Vybudovali sme pre Samarit\u00e1n vlastn\u00fa kotol\u0148u. Po\u010das 21. rokov sme priv\u00edtali viacer\u00e9 n\u00e1v\u0161tevy. Mali sme dokonca host\u00ed z&nbsp;Japonska,&nbsp;z&nbsp;Afriky, z Malawi a USA. Po\u010das letn\u00fdch pr\u00e1zdnin prich\u00e1dzali k&nbsp;n\u00e1m \u017eiaci a&nbsp;\u0161tudenti. Obvese\u013eovali obyvate\u013eov a&nbsp;pom\u00e1hali n\u00e1m pri r\u00f4znych pr\u00e1cach. Cie\u013eom t\u00fdchto n\u00e1v\u0161tev bolo uk\u00e1za\u0165 mlad\u00fdm, \u017ee \u017eivot nie je len mlados\u0165, ale aj staroba a&nbsp;choroba.<\/p>\n\n\n\n<p>O 4 roky nesk\u00f4r prebudovan\u00edm starej cirkevnej \u0161koly za\u010dalo svoju \u010dinnos\u0165 v&nbsp;obci Kajal aj zariadenie&nbsp; pre seniorov Simeon. Bolo to 1. apr\u00edla 2004. Kapacita zariadenia pre seniorov Simeon je 11 os\u00f4b. Budova, v&nbsp;ktorej sa zariadenie pre seniorov Simeon nach\u00e1dza, patr\u00ed Evanjelick\u00e9mu cirkevn\u00e9mu zboru v&nbsp;Galante, ktor\u00fd n\u00e1m budovu poskytol za \u00fa\u010delom poskytovania soci\u00e1lnych slu\u017eieb pre ob\u010danov v&nbsp;d\u00f4chodkovom veku.<\/p>\n\n\n\n<p>O&nbsp;3 roky nesk\u00f4r sme vybudovali a&nbsp;d\u0148a 1. okt\u00f3bra 2007 boli dan\u00e9 do u\u017e\u00edvania aj byty pre seniorov Eden. Byty pre seniorov Eden s\u00fa domovom pre e\u0161te sebesta\u010dn\u00fdch seniorov. V&nbsp;Edene sa nach\u00e1dza celkom 23 bytov. S\u00fa to gars\u00f3nky, jednoizbov\u00e9 byty a&nbsp;dvojizbov\u00e9 byty. S&nbsp;Bo\u017eou pomocou sa za 6 mesiacov podarilo urobi\u0165 nadstavbu Samarit\u00e1na. Na financovan\u00ed stavby &nbsp;Edenu sa podie\u013eali jednotlivci, ktor\u00fd si svoj\u00edm vkladom zabezpe\u010dili b\u00fdvanie, \u010falej sme stavbu financovali prostredn\u00edctvom \u00faver z&nbsp;b\u00fdvalej Volksbank.<\/p>\n\n\n\n<p>Na\u0161\u00edm cie\u013eom bolo a je u\u017e 21. rokov v\u00a0duchu ekumenizmu a\u00a0kres\u0165anskej l\u00e1sky k\u00a0bl\u00ed\u017enemu bez rozdielu\u00a0 n\u00e1bo\u017eenskej, n\u00e1rodnostnej, rasovej alebo politickej pr\u00edslu\u0161nosti poskytova\u0165 soci\u00e1lnu, zdravotn\u00fa a\u00a0duchovn\u00fa starostlivos\u0165 predov\u0161etk\u00fdm ob\u010danom v\u00a0d\u00f4chodkovom veku.<\/p>\n\n\n<div id=\"grid-gallery-8-65203\" data-gg-id=\"8\" data-title=\"Budova_hist_koleg\" data-grid-type=\"0\" data-offset=\"5.3\" data-area-position=\"center\" data-icons=\"false\" data-preloader=\"true\" data-width=\"215\" data-height=\"215\" data-padding=\"0\" data-quicksand=\"disabled\" data-quicksand-duration=\"none\" data-popup-theme=\"theme_7\" data-popup-type=\"colorbox\" data-popup-fadeOut=\"300\" data-popup-captions=\"hide\" data-popup-image-text=\"alt\" data-popup-widthsize=\"auto\" data-popup-heightsize=\"auto\" data-popup-i18n-words=\"{&quot;close&quot;:&quot;close&quot;,&quot;next&quot;:&quot;next&quot;,&quot;previous&quot;:&quot;previous&quot;,&quot;start_slideshow&quot;:&quot;start slideshow&quot;,&quot;stop_slideshow&quot;:&quot;stop slideshow&quot;,&quot;image&quot;:&quot;image&quot;,&quot;of&quot;:&quot;of&quot;,&quot;prev&quot;:&quot;prev&quot;,&quot;cExpand&quot;:&quot;Expand&quot;,&quot;cPrevious&quot;:&quot;Previous&quot;,&quot;cNext&quot;:&quot;Next&quot;,&quot;cExpandStr&quot;:&quot;Expand the image&quot;,&quot;cRotate&quot;:&quot;Rotate&quot;,&quot;cDetails&quot;:&quot;Details&quot;}\" data-popup-slideshow=\"false\" data-popup-slideshow-speed=\"2500\" data-popup-hoverstop=\"true\" data-popup-slideshow-auto=\"false\" data-popup-background=\"\" data-popup-transparency=\"30\" data-popup-disable-history=\"\" data-popup-disable-changed-url=\"\" data-popup-border-type=\"solid\" data-popup-border-color=\"#1e73be\" data-popup-border-width=\"\" data-popup-border-enable=\"on\" data-fullscreen=\"false\" data-hide-tooltip=\"false\" data-caption-font-family=\"Default\" data-caption-text-size=\"14px\" data-is-mobile=\"0\" data-caption-mobile=\"false\" data-hide-long-tltp-title=\"1\" data-caption-disabled-on-mobile=\"false\" data-lazyload-enable='1' data-lazyload-effect=\"show\" data-lazyload-effect-duration=\"400\" data-popup-placement-type=\"0\" data-social-sharing=\"{&quot;enabled&quot;:&quot;&quot;,&quot;gallerySharing&quot;:{&quot;enabled&quot;:null,&quot;position&quot;:null},&quot;imageSharing&quot;:{&quot;enabled&quot;:null,&quot;wrapperClass&quot;:&quot; vertical \\n &quot;},&quot;popupSharing&quot;:{&quot;enabled&quot;:null,&quot;wrapperClass&quot;:&quot; vertical \\n &quot;}}\" class=\"grid-gallery grid-gallery-fixed \" style=\" width:100%; height:auto ; margin-left:auto; margin-right:auto; position:relative;\" > <div class=\"gallery-loading\"> <div class=\"blocks\"> <div class=\"block\"><\/div> <div class=\"block\"><\/div> <div class=\"block\"><\/div> <div class=\"block\"><\/div> <\/div> <\/div> <div class=\"gallery-sharing-top\"><\/div> <div id=\"photos-8\" class=\"grid-gallery-photos \" > <a id=\"gg-8-43\" class=\"gg-link gg-colorbox \" data-attachment-id=\"396\" href=\"https:\/\/samaritangalanta.sk\/wp-content\/uploads\/budova\/budova_pred.jpg?gid=8\" target=\"_self\" title=\"Budova predt\u00fdm\" rel=\"\" style=\"border-radius: 0px;\" ><FIGURE class=\"grid-gallery-caption \" data-grid-gallery-type=\"quarter-appear\" data-index=\"0\" style=\"display:none;border-radius: 0px; ; margin: 5.3px; width:215px;\" ><div class=\"crop \" style=\" width:215px; height:215px; overflow:hidden; \"><img data-gg-real-image-href=\"https:\/\/samaritangalanta.sk\/wp-content\/uploads\/budova\/budova_pred-215x215.jpg\" src=\"https:\/\/samaritangalanta.sk\/wp-content\/plugins\/gallery-by-supsystic\/src\/GridGallery\/Galleries\/assets\/img\/loading.gif\" class=\"ggImg ggLazyImg\" alt=\"budova_pred\" title=\"Budova predt\u00fdm\" data-description=\"Budova predt\u00fdm\" data-caption=\"Budova predt\u00fdm\" data-title=\"budova_pred\" style=\" width:215px; height:215px; \" \/><\/div><FIGCAPTION class=\"\" data-alpha=\"5\" style=\"color:#ffffff; background-color:#1fddca; font-size:14px; text-align:left; font-family:Default;\" ><div class=\"grid-gallery-figcaption-wrap\" style=\" vertical-align:top; \"><div class=\"gg-image-caption fitvidsignore \" style=\"font-size:14px;\"><object type=\"none\/none\"> Budova predt\u00fdm <\/object><\/div><\/div><\/FIGCAPTION><\/FIGURE><\/a> <a id=\"gg-8-44\" class=\"gg-link gg-colorbox \" data-attachment-id=\"402\" href=\"https:\/\/samaritangalanta.sk\/wp-content\/uploads\/2022\/01\/budova_po2015_1.jpg?gid=8\" target=\"_self\" title=\"Budova po obnove\" rel=\"\" style=\"border-radius: 0px;\" ><FIGURE class=\"grid-gallery-caption \" data-grid-gallery-type=\"quarter-appear\" data-index=\"1\" style=\"display:none;border-radius: 0px; ; margin: 5.3px; width:215px;\" ><div class=\"crop \" style=\" width:215px; height:215px; overflow:hidden; \"><img data-gg-real-image-href=\"https:\/\/samaritangalanta.sk\/wp-content\/uploads\/2022\/01\/budova_po2015_1-215x215.jpg\" src=\"https:\/\/samaritangalanta.sk\/wp-content\/plugins\/gallery-by-supsystic\/src\/GridGallery\/Galleries\/assets\/img\/loading.gif\" class=\"ggImg ggLazyImg\" alt=\"budova_po2015_1\" title=\"Budova po obnove\" data-description=\"Budova po obnove\" data-caption=\"Budova po obnove\" data-title=\"budova_po2015_1\" style=\" width:215px; height:215px; \" \/><\/div><FIGCAPTION class=\"\" data-alpha=\"5\" style=\"color:#ffffff; background-color:#1fddca; font-size:14px; text-align:left; font-family:Default;\" ><div class=\"grid-gallery-figcaption-wrap\" style=\" vertical-align:top; \"><div class=\"gg-image-caption fitvidsignore \" style=\"font-size:14px;\"><object type=\"none\/none\"> Budova po obnove <\/object><\/div><\/div><\/FIGCAPTION><\/FIGURE><\/a> <a id=\"gg-8-45\" class=\"gg-link gg-colorbox \" data-attachment-id=\"403\" href=\"https:\/\/samaritangalanta.sk\/wp-content\/uploads\/2022\/01\/budova_po2015_2.jpg?gid=8\" target=\"_self\" title=\"Budova po obnove\" rel=\"\" style=\"border-radius: 0px;\" ><FIGURE class=\"grid-gallery-caption \" data-grid-gallery-type=\"quarter-appear\" data-index=\"2\" style=\"display:none;border-radius: 0px; ; margin: 5.3px; width:215px;\" ><div class=\"crop \" style=\" width:215px; height:215px; overflow:hidden; \"><img data-gg-real-image-href=\"https:\/\/samaritangalanta.sk\/wp-content\/uploads\/2022\/01\/budova_po2015_2-215x215.jpg\" src=\"https:\/\/samaritangalanta.sk\/wp-content\/plugins\/gallery-by-supsystic\/src\/GridGallery\/Galleries\/assets\/img\/loading.gif\" class=\"ggImg ggLazyImg\" alt=\"budova_po2015_2\" title=\"Budova po obnove\" data-description=\"Budova po obnove\" data-caption=\"Budova po obnove\" data-title=\"budova_po2015_2\" style=\" width:215px; height:215px; \" \/><\/div><FIGCAPTION class=\"\" data-alpha=\"5\" style=\"color:#ffffff; background-color:#1fddca; font-size:14px; text-align:left; font-family:Default;\" ><div class=\"grid-gallery-figcaption-wrap\" style=\" vertical-align:top; \"><div class=\"gg-image-caption fitvidsignore \" style=\"font-size:14px;\"><object type=\"none\/none\"> Budova po obnove <\/object><\/div><\/div><\/FIGCAPTION><\/FIGURE><\/a> <div class=\"grid-gallery-clearfix\"><\/div> <\/div> <div class=\"gallery-sharing-bottom\"><\/div> <div class=\"grid-gallery-clearfix\"><\/div> <\/div> <!-- Gallery by Supsystic plugin 1.15.3 -->\n\n\n\n<p style=\"font-size:24px\"><strong>Kol\u00e9gium<\/strong><\/p>\n\n\n\n<p>Kol\u00e9giu je najvy\u0161\u0161\u00edm org\u00e1nom CSS Samarit\u00e1n a riadi jeho \u010dinnos\u0165 v&nbsp;rozsahu svojich pr\u00e1vomoc\u00ed. Kol\u00e9giu je ekvivalentom Spr\u00e1vnej rady v&nbsp;obdobn\u00fdch zariadeniach. Kol\u00e9gium sa sklad\u00e1 z&nbsp;piatich \u010dlenov. \u010clenov Kol\u00e9gia a&nbsp;zmeny v&nbsp;\u010dlenstve schva\u013euje presbyterstvo cirkevn\u00e9ho zboru (CZ). Kol\u00e9giu riadi predseda, ktor\u00e9ho si volia \u010dlenovia kol\u00e9gia. Kol\u00e9giu zasad\u00e1 najmenej raz ro\u010dne. Je uzn\u00e1\u0161ania schopn\u00e9, ak je pr\u00edtomn\u00e1 nadpolovi\u010dn\u00e1 v\u00e4\u010d\u0161ina jeho \u010dlenov.&nbsp; Zasadanie kol\u00e9gia riadi predseda. Kol\u00e9gium sa uzn\u00e1\u0161a svoj\u00edm p\u00edsomn\u00fdm uznesen\u00edm. K\u00f3piu uznesenia zo zasadania Kol\u00e9gia doru\u010d\u00ed predseda presbyterstvu CZ. Zasadania kol\u00e9gia zvol\u00e1va jeho \u00faraduj\u00faci predseda.<\/p>\n\n\n\n<p>Do p\u00f4sobnosti kol\u00e9gia patr\u00ed:<\/p>\n\n\n\n<ul><li>schva\u013eovanie \u010dinnosti CSS Samarit\u00e1n na nasleduj\u00faci rok,<\/li><li>schva\u013eovanie rozpo\u010dtu CSS Samarit\u00e1n na \u00fa\u010dtovn\u00fd rok,<\/li><li>schva\u013eovanie z\u00e1vere\u010dn\u00e9ho \u00fa\u010dtu CSS Samarit\u00e1n za uplynul\u00fd kalend\u00e1rny rok,<\/li><li>schva\u013eovanie v\u00fdro\u010dnej spr\u00e1vy o&nbsp;\u010dinnosti CSS Samarit\u00e1n za predch\u00e1dzaj\u00faci rok,<\/li><li>vo\u013eba predsedu kol\u00e9gia a&nbsp;\u010dlenov rev\u00edznej komisie CSS Samarit\u00e1n,<\/li><li>prerokovanie n\u00e1vrhov na obsadenie pracovn\u00fdch a&nbsp;ubytovac\u00edch miest v&nbsp;prev\u00e1dzkach CSS Samarit\u00e1na,<\/li><li>kontrolovanie \u010dinnosti CSS Samarit\u00e1n vo v\u0161etk\u00fdch oblastiach,<\/li><li>delegovanie z\u00e1stupcu do gr\u00e9mi\u00ed Evanjelickej diakonie, pr\u00edpadne in\u00fdch organiz\u00e1ci\u00ed,<\/li><li>pod\u00e1vanie n\u00e1vrhu na vymenovanie riadite\u013ea presbyterstvu CZ,<\/li><li>pod\u00e1vanie n\u00e1vrhu na zmenu \u0161tat\u00fatu a&nbsp;in\u00fdch dokumentov,<\/li><li>schva\u013eovanie organiza\u010dn\u00e9ho a&nbsp;prev\u00e1dzkov\u00e9ho poriadku CSS Samarit\u00e1n a&nbsp;jeho organiza\u010dn\u00fdch jednotiek,<\/li><li>plnenie \u010fal\u0161\u00edch \u00faloh t\u00fdkaj\u00facich sa CSS Samarit\u00e1n, ktor\u00fdmi ho pover\u00ed presbyterstvo CZ.<\/li><\/ul>\n\n\n\n<p>\u010clenovia kol\u00e9gia s\u00fa povinn\u00ed:<\/p>\n\n\n\n<ul><li>z\u00fa\u010dast\u0148ova\u0165 sa zasadnut\u00ed Kol\u00e9gia,<\/li><li>napom\u00e1ha\u0165 rozvoju CSS Samarit\u00e1na a&nbsp;\u0161\u00edreniu jeho dobr\u00e9ho mena na verejnosti,<\/li><li>zdr\u017ea\u0165 sa konania, ktor\u00e9 by mohlo po\u0161kodi\u0165 dobr\u00e9 meno CSS Samarit\u00e1na&nbsp; na verejnosti.<\/li><\/ul>\n\n\n\n<p>\u010clenstvo v&nbsp;Kol\u00e9giu zanik\u00e1:<\/p>\n\n\n\n<ul><li>odst\u00fapen\u00edm,<\/li><li>odvolan\u00edm,<\/li><li>\u00famrtn\u00ed.<\/li><\/ul>\n\n\n\n<p>Na zasadnutiach kol\u00e9gia sa s&nbsp;hlasom poradn\u00fdm z\u00fa\u010dast\u0148uje riadite\u013e CSS Samarit\u00e1na. Pod\u013ea potreby sa zasadnutia z\u00fa\u010dast\u0148uj\u00fa aj odborn\u00edci a spolupracovn\u00edci.<\/p>\n\n\n\n<p>Predseda kol\u00e9gia:&nbsp;<br> &#8211; Mgr. Jaroslav Mlyn\u00e1r<\/p>\n\n\n\n<p><br>S\u00fa\u010dasn\u00fd \u010dlenovia kol\u00e9gia: <br> &#8211; MUDr. Vladim\u00edr Gergel<br> &#8211; RNDr. Em\u00edlia Bartekov\u00e1<br> &#8211; MUDr. Marta Lehotsk\u00e1<br> &#8211; Em\u00edlia S\u00faken\u00edkov\u00e1<\/p>\n","protected":false},"excerpt":{"rendered":"<p>Autorom my\u0161lienky vybudova\u0165 evanjelick\u00fd dom starostlivosti je Mgr. Jaroslav Mlyn\u00e1r, far\u00e1r cirkevn\u00e9ho zboru ECAV na Slovensku Galanta. Najprv svoju \u010dinnos\u0165 zah\u00e1jilo Centrum soci\u00e1lnych slu\u017eieb pre star\u0161\u00edch ob\u010danov Samarit\u00e1n. Bolo to 1. apr\u00edla 2000. V&nbsp;za\u010diatkoch svojej p\u00fate malo CSS Samarit\u00e1n kapacitu 23 os\u00f4b, v&nbsp;s\u00fa\u010dasnosti je kapacita zariadenia 34 os\u00f4b. Mesto Galanta pred 21. rokmi poskytlo priestory <a href=\"https:\/\/samaritangalanta.sk\/?page_id=377\" class=\"read-more inline\">Read More<\/a><\/p>\n","protected":false},"author":1,"featured_media":0,"parent":0,"menu_order":0,"comment_status":"closed","ping_status":"closed","template":"","meta":{"_monsterinsights_skip_tracking":false,"_monsterinsights_sitenote_active":false,"_monsterinsights_sitenote_note":"","_monsterinsights_sitenote_category":0},"yoast_head":"<!-- This site is optimized with the Yoast SEO plugin v16.5 - https:\/\/yoast.com\/wordpress\/plugins\/seo\/ -->\n<title>Hist\u00f3ria a Kol\u00e9gium - samaritangalanta.sk<\/title>\n<meta name=\"robots\" content=\"index, follow, max-snippet:-1, max-image-preview:large, max-video-preview:-1\" \/>\n<link rel=\"canonical\" href=\"https:\/\/samaritangalanta.sk\/?page_id=377\" \/>\n<meta property=\"og:locale\" content=\"en_US\" \/>\n<meta property=\"og:type\" content=\"article\" \/>\n<meta property=\"og:title\" content=\"Hist\u00f3ria a Kol\u00e9gium - samaritangalanta.sk\" \/>\n<meta property=\"og:description\" content=\"Autorom my\u0161lienky vybudova\u0165 evanjelick\u00fd dom starostlivosti je Mgr. Jaroslav Mlyn\u00e1r, far\u00e1r cirkevn\u00e9ho zboru ECAV na Slovensku Galanta. Najprv svoju \u010dinnos\u0165 zah\u00e1jilo Centrum soci\u00e1lnych slu\u017eieb pre star\u0161\u00edch ob\u010danov Samarit\u00e1n. Bolo to 1. apr\u00edla 2000. V&nbsp;za\u010diatkoch svojej p\u00fate malo CSS Samarit\u00e1n kapacitu 23 os\u00f4b, v&nbsp;s\u00fa\u010dasnosti je kapacita zariadenia 34 os\u00f4b. Mesto Galanta pred 21. rokmi poskytlo priestory Read More\" \/>\n<meta property=\"og:url\" content=\"https:\/\/samaritangalanta.sk\/?page_id=377\" \/>\n<meta property=\"og:site_name\" content=\"samaritangalanta.sk\" \/>\n<meta property=\"article:modified_time\" content=\"2022-01-11T10:13:49+00:00\" \/>\n<meta name=\"twitter:card\" content=\"summary_large_image\" \/>\n<meta name=\"twitter:label1\" content=\"Est. reading time\" \/>\n\t<meta name=\"twitter:data1\" content=\"3 minutes\" \/>\n<script type=\"application\/ld+json\" class=\"yoast-schema-graph\">{\"@context\":\"https:\/\/schema.org\",\"@graph\":[{\"@type\":\"WebSite\",\"@id\":\"http:\/\/samaritangalanta.sk\/#website\",\"url\":\"http:\/\/samaritangalanta.sk\/\",\"name\":\"samaritangalanta.sk\",\"description\":\"Centrum soci\\u00e1lnych slu\\u017eieb pre star\\u0161\\u00edch ob\\u010danov Samarit\\u00e1n\",\"potentialAction\":[{\"@type\":\"SearchAction\",\"target\":\"http:\/\/samaritangalanta.sk\/?s={search_term_string}\",\"query-input\":\"required name=search_term_string\"}],\"inLanguage\":\"en-US\"},{\"@type\":\"WebPage\",\"@id\":\"https:\/\/samaritangalanta.sk\/?page_id=377#webpage\",\"url\":\"https:\/\/samaritangalanta.sk\/?page_id=377\",\"name\":\"Hist\\u00f3ria a Kol\\u00e9gium - samaritangalanta.sk\",\"isPartOf\":{\"@id\":\"http:\/\/samaritangalanta.sk\/#website\"},\"datePublished\":\"2022-01-11T09:49:58+00:00\",\"dateModified\":\"2022-01-11T10:13:49+00:00\",\"breadcrumb\":{\"@id\":\"https:\/\/samaritangalanta.sk\/?page_id=377#breadcrumb\"},\"inLanguage\":\"en-US\",\"potentialAction\":[{\"@type\":\"ReadAction\",\"target\":[\"https:\/\/samaritangalanta.sk\/?page_id=377\"]}]},{\"@type\":\"BreadcrumbList\",\"@id\":\"https:\/\/samaritangalanta.sk\/?page_id=377#breadcrumb\",\"itemListElement\":[{\"@type\":\"ListItem\",\"position\":1,\"name\":\"Home\",\"item\":\"https:\/\/samaritangalanta.sk\/\"},{\"@type\":\"ListItem\",\"position\":2,\"name\":\"Hist\\u00f3ria a Kol\\u00e9gium\"}]}]}<\/script>\n<!-- \/ Yoast SEO plugin. -->","_links":{"self":[{"href":"https:\/\/samaritangalanta.sk\/index.php?rest_route=\/wp\/v2\/pages\/377"}],"collection":[{"href":"https:\/\/samaritangalanta.sk\/index.php?rest_route=\/wp\/v2\/pages"}],"about":[{"href":"https:\/\/samaritangalanta.sk\/index.php?rest_route=\/wp\/v2\/types\/page"}],"author":[{"embeddable":true,"href":"https:\/\/samaritangalanta.sk\/index.php?rest_route=\/wp\/v2\/users\/1"}],"replies":[{"embeddable":true,"href":"https:\/\/samaritangalanta.sk\/index.php?rest_route=%2Fwp%2Fv2%2Fcomments&post=377"}],"version-history":[{"count":5,"href":"https:\/\/samaritangalanta.sk\/index.php?rest_route=\/wp\/v2\/pages\/377\/revisions"}],"predecessor-version":[{"id":401,"href":"https:\/\/samaritangalanta.sk\/index.php?rest_route=\/wp\/v2\/pages\/377\/revisions\/401"}],"wp:attachment":[{"href":"https:\/\/samaritangalanta.sk\/index.php?rest_route=%2Fwp%2Fv2%2Fmedia&parent=377"}],"curies":[{"name":"wp","href":"https:\/\/api.w.org\/{rel}","templated":true}]}}